{"id":1757,"date":"2023-10-31T12:27:53","date_gmt":"2023-10-31T11:27:53","guid":{"rendered":"https:\/\/ourivesdecompostela.gal\/?page_id=1757"},"modified":"2023-11-15T10:48:32","modified_gmt":"2023-11-15T09:48:32","slug":"el-aprendizaje-gremial-de-oficios-obradores-y-sagas-de-santiago-de-compostela","status":"publish","type":"page","link":"https:\/\/ourivesdecompostela.gal\/es\/el-aprendizaje-gremial-de-oficios-obradores-y-sagas-de-santiago-de-compostela\/","title":{"rendered":"El aprendizaje gremial de oficios: obradores y sagas de Santiago de Compostela"},"content":{"rendered":"[vc_row type=\u00bbfull_width_background\u00bb full_screen_row_position=\u00bbmiddle\u00bb column_margin=\u00bbdefault\u00bb column_direction=\u00bbdefault\u00bb column_direction_tablet=\u00bbdefault\u00bb column_direction_phone=\u00bbdefault\u00bb bg_image=\u00bb1134&#8243; bg_position=\u00bbcenter center\u00bb background_image_loading=\u00bbdefault\u00bb bg_repeat=\u00bbno-repeat\u00bb scene_position=\u00bbcenter\u00bb top_padding=\u00bb15%\u00bb bottom_padding=\u00bb15%\u00bb text_color=\u00bblight\u00bb text_align=\u00bbleft\u00bb row_border_radius=\u00bbnone\u00bb row_border_radius_applies=\u00bbbg\u00bb overflow=\u00bbvisible\u00bb color_overlay=\u00bb#000000&#8243; overlay_strength=\u00bb0.5&#8243; gradient_direction=\u00bbleft_to_right\u00bb shape_divider_position=\u00bbbottom\u00bb bg_image_animation=\u00bbnone\u00bb parallax_bg=\u00bbtrue\u00bb parallax_bg_speed=\u00bbfast\u00bb gradient_type=\u00bbdefault\u00bb shape_type=\u00bb\u00bb][vc_column column_padding=\u00bbno-extra-padding\u00bb column_padding_tablet=\u00bbinherit\u00bb column_padding_phone=\u00bbinherit\u00bb column_padding_position=\u00bball\u00bb column_element_direction_desktop=\u00bbdefault\u00bb column_element_spacing=\u00bbdefault\u00bb centered_text=\u00bbtrue\u00bb desktop_text_alignment=\u00bbdefault\u00bb tablet_text_alignment=\u00bbdefault\u00bb phone_text_alignment=\u00bbdefault\u00bb background_color_opacity=\u00bb1&#8243; background_hover_color_opacity=\u00bb1&#8243; column_backdrop_filter=\u00bbnone\u00bb column_shadow=\u00bbnone\u00bb column_border_radius=\u00bbnone\u00bb column_link_target=\u00bb_self\u00bb column_position=\u00bbdefault\u00bb gradient_direction=\u00bbleft_to_right\u00bb overlay_strength=\u00bb0.3&#8243; width=\u00bb1\/1&#8243; tablet_width_inherit=\u00bbdefault\u00bb animation_type=\u00bbdefault\u00bb bg_image_animation=\u00bbnone\u00bb border_type=\u00bbsimple\u00bb column_border_width=\u00bbnone\u00bb column_border_style=\u00bbsolid\u00bb][vc_row_inner column_margin=\u00bbdefault\u00bb column_direction=\u00bbdefault\u00bb column_direction_tablet=\u00bbdefault\u00bb column_direction_phone=\u00bbdefault\u00bb text_align=\u00bbleft\u00bb row_position=\u00bbdefault\u00bb row_position_tablet=\u00bbinherit\u00bb row_position_phone=\u00bbinherit\u00bb overflow=\u00bbvisible\u00bb pointer_events=\u00bball\u00bb][vc_column_inner column_padding=\u00bbno-extra-padding\u00bb column_padding_tablet=\u00bbinherit\u00bb column_padding_phone=\u00bbinherit\u00bb column_padding_position=\u00bball\u00bb column_element_direction_desktop=\u00bbdefault\u00bb column_element_spacing=\u00bbdefault\u00bb desktop_text_alignment=\u00bbdefault\u00bb tablet_text_alignment=\u00bbdefault\u00bb phone_text_alignment=\u00bbdefault\u00bb background_color_opacity=\u00bb1&#8243; background_hover_color_opacity=\u00bb1&#8243; column_backdrop_filter=\u00bbnone\u00bb column_shadow=\u00bbnone\u00bb column_border_radius=\u00bbnone\u00bb column_link_target=\u00bb_self\u00bb overflow=\u00bbvisible\u00bb gradient_direction=\u00bbleft_to_right\u00bb overlay_strength=\u00bb0.3&#8243; width=\u00bb1\/1&#8243; tablet_width_inherit=\u00bbdefault\u00bb animation_type=\u00bbdefault\u00bb enable_animation=\u00bbtrue\u00bb animation=\u00bbfade-in-from-bottom\u00bb animation_easing=\u00bbdefault\u00bb bg_image_animation=\u00bbnone\u00bb border_type=\u00bbsimple\u00bb column_border_width=\u00bbnone\u00bb column_border_style=\u00bbsolid\u00bb][split_line_heading animation_type=\u00bbline-reveal-by-space\u00bb font_style=\u00bbh1&#8243; line_reveal_by_space_text_effect=\u00bbdefault\u00bb content_alignment=\u00bbdefault\u00bb mobile_content_alignment=\u00bbinherit\u00bb link_target=\u00bb_self\u00bb text_content=\u00bbEl aprendizaje gremial de oficios: obradores y sagas de Santiago de Compostela\u00bb font_size=\u00bb3vw\u00bb][\/split_line_heading][\/vc_column_inner][\/vc_row_inner][\/vc_column][\/vc_row][vc_row type=\u00bbin_container\u00bb full_screen_row_position=\u00bbmiddle\u00bb column_margin=\u00bbdefault\u00bb column_direction=\u00bbdefault\u00bb column_direction_tablet=\u00bbdefault\u00bb column_direction_phone=\u00bbdefault\u00bb scene_position=\u00bbcenter\u00bb top_padding=\u00bb5%\u00bb bottom_padding=\u00bb5%\u00bb text_color=\u00bbdark\u00bb text_align=\u00bbleft\u00bb row_border_radius=\u00bbnone\u00bb row_border_radius_applies=\u00bbbg\u00bb overflow=\u00bbvisible\u00bb overlay_strength=\u00bb0.3&#8243; gradient_direction=\u00bbleft_to_right\u00bb shape_divider_position=\u00bbbottom\u00bb bg_image_animation=\u00bbnone\u00bb gradient_type=\u00bbdefault\u00bb shape_type=\u00bb\u00bb][vc_column column_padding=\u00bbno-extra-padding\u00bb column_padding_tablet=\u00bbinherit\u00bb column_padding_phone=\u00bbinherit\u00bb column_padding_position=\u00bball\u00bb column_element_direction_desktop=\u00bbdefault\u00bb column_element_spacing=\u00bbdefault\u00bb desktop_text_alignment=\u00bbdefault\u00bb tablet_text_alignment=\u00bbdefault\u00bb phone_text_alignment=\u00bbdefault\u00bb background_color_opacity=\u00bb1&#8243; background_hover_color_opacity=\u00bb1&#8243; column_backdrop_filter=\u00bbnone\u00bb column_shadow=\u00bbnone\u00bb column_border_radius=\u00bbnone\u00bb column_link_target=\u00bb_self\u00bb column_position=\u00bbdefault\u00bb gradient_direction=\u00bbleft_to_right\u00bb overlay_strength=\u00bb0.3&#8243; width=\u00bb1\/1&#8243; tablet_width_inherit=\u00bbdefault\u00bb animation_type=\u00bbdefault\u00bb bg_image_animation=\u00bbnone\u00bb border_type=\u00bbsimple\u00bb column_border_width=\u00bbnone\u00bb column_border_style=\u00bbsolid\u00bb][vc_column_text]\n<h3>Las sagas<\/h3>\n<p>El obrador era el centro de trabajo y aprendizaje del sistema gremial. En \u00e9l, un maestro dirig\u00eda a un equipo formado por oficiales \u2014quienes todav\u00eda no hab\u00edan superado el examen de maestr\u00eda para acceder a tal cargo y abrir obrador propio\u2014, y aprendices, quienes pagaban al maestro por aprender el oficio. El trabajo de platero u azabachero, como el de la mayor\u00eda de los gremios, estaba marcado por un claro car\u00e1cter endog\u00e1mico, y los hijos de los art\u00edfices se formaban a menudo en los obradores paternos, continuando la saga familiar. Tambi\u00e9n era habitual que las hijas de los plateros contrajesen matrimonio con otros plateros, que en algunos casos pasaban a formar parte del obrador; o que se casasen con aprendices u oficiales que ya estaban integrados en el mismo. Esta endogamia dio lugar a las grandes sagas que hoy protagonizan la revisi\u00f3n hist\u00f3rica de la plater\u00eda compostelana, como los Cedeira, de origen portugu\u00e9s, afincados en Santiago durante los siglos XVI y XVII, o las c\u00e9lebres familias de orfebres compostelanos del siglo XVIII: los Pecul, los Piedra o los Bouillier. En el siglo XIX resuenan los apellidos de los Reboredo, Berm\u00fadez, Rey o Bacariza, y algunos con continuidad hasta la actualidad, como los Lado o los Otero.<\/p>\n<h3>Los aprendices<\/h3>\n<p>Las pautas b\u00e1sicas comunes al aprendizaje para todos los gremios compostelanos son las siguientes: el aprendiz era que el que pagaba al maestro, ya fuese con dinero, especie o trabajo dom\u00e9stico, mientras duraba su aprendizaje. Esta cantidad, as\u00ed como el tiempo de contrato, tend\u00eda a subir con el tiempo, en un gesto por parte del gremio de endurecer la entrada de aspirantes y reducir el n\u00famero de agremiados para asegurar trabajo a todos. Los maestros se hac\u00edan cargo de la manutenci\u00f3n, vestido y calzado de los aprendices, que pasaban a vivir con ellos. Se compromet\u00edan a preparar a sus alumnos para que superasen las pruebas acordadas, y si no era as\u00ed, prorrogar el contrato. Del mismo modo, si el alumno se ausentaba, deb\u00eda pagar al maestro una cantidad equiparable a la del sueldo de un buen oficial. Una vez terminado el aprendizaje, el aspirante presentaba solicitud de examen al Ayuntamiento de Santiago, quien dispon\u00eda la prueba, supervisada por el veedor del gremio y dos maestros. Ya aprobado, el art\u00edfice pod\u00eda ingresar en el gremio correspondiente \u2014San Eloy los plateros, San Sebasti\u00e1n los azabacheros\u2014 y abrir una tienda. Este sistema de examen y consecuci\u00f3n del t\u00edtulo era el generalizado en toda Espa\u00f1a por la Real Pragm\u00e1tica de Carlos V de 1552.<\/p>\n<p>Era habitual que los aprendices de la mayor\u00eda de los oficios tuviesen una naturaleza m\u00e1s o menos humilde, pero, sin embargo, los plateros sol\u00edan proceder de las clases medias urbanas, teniendo en cuenta que el pago a los maestros en los contratos de aprendizaje alcanzaba altas cotas de dinero con respecto al resto de trabajos, y no cualquier familia pod\u00eda permitirse esos estudios para sus hijos. Tambi\u00e9n la remuneraci\u00f3n que adquirir\u00eda el aprendiz una vez que aprobado, pudiese ejercer el oficio, era superior a la de otros gremios. Esto se reflejaba en su estatus social, m\u00e1s elevado que otros trabajos relacionados con las artes, y equiparable a arquitectos y escultores.<\/p>\n<h3>Exposici\u00f3n y venta<\/h3>\n<p>Sabemos que algunos art\u00edfices ten\u00edan el obrador y la tienda en el bajo de su propia casa, aunque los mejores plateros pod\u00edan alquilar las tiendas del claustro de la Catedral en la praza das Prateri\u0301as, dependientes del cabildo compostelano, y los azabacheros las covachuelas de la misma instituci\u00f3n, abiertas al lado norte de la Bas\u00edlica, en r\u00faa da Acibecher\u00eda. En el obrador por lo tanto se trabajaba la plata y el azabache y tambi\u00e9n se vend\u00eda, por lo que los artistas contaban con un lugar de exposici\u00f3n de las piezas que la clientela pod\u00eda adquirir directamente sin encargo. Otro lugar de exhibici\u00f3n y compraventa de sus piezas eran las ferias a las que acud\u00edan, generalmente dentro de la propia ciudad o en territorios cercanos dentro de Galicia. En el caso de otros gremios espa\u00f1oles, fue habitual que se moviesen en distancias mayores, tal es el caso de los plateros cordobeses que tuvieron gran presencia en ferias de toda la Pen\u00ednsula. Esto llev\u00f3 al gremio de plateros compostelanos a protestar ante el Ayuntamiento en varias ocasiones, pidiendo que se limitase la presencia de artistas for\u00e1neos en la ciudad para proteger el comercio local.[\/vc_column_text][\/vc_column][\/vc_row]\n","protected":false},"excerpt":{"rendered":"<p>[vc_row type=\u00bbfull_width_background\u00bb full_screen_row_position=\u00bbmiddle\u00bb column_margin=\u00bbdefault\u00bb column_direction=\u00bbdefault\u00bb column_direction_tablet=\u00bbdefault\u00bb column_direction_phone=\u00bbdefault\u00bb bg_image=\u00bb1134&#8243; bg_position=\u00bbcenter center\u00bb background_image_loading=\u00bbdefault\u00bb bg_repeat=\u00bbno-repeat\u00bb scene_position=\u00bbcenter\u00bb top_padding=\u00bb15%\u00bb bottom_padding=\u00bb15%\u00bb text_color=\u00bblight\u00bb text_align=\u00bbleft\u00bb row_border_radius=\u00bbnone\u00bb row_border_radius_applies=\u00bbbg\u00bb overflow=\u00bbvisible\u00bb color_overlay=\u00bb#000000&#8243; overlay_strength=\u00bb0.5&#8243; gradient_direction=\u00bbleft_to_right\u00bb shape_divider_position=\u00bbbottom\u00bb bg_image_animation=\u00bbnone\u00bb parallax_bg=\u00bbtrue\u00bb parallax_bg_speed=\u00bbfast\u00bb gradient_type=\u00bbdefault\u00bb shape_type=\u00bb\u00bb][vc_column column_padding=\u00bbno-extra-padding\u00bb&#8230;<\/p>\n","protected":false},"author":2,"featured_media":0,"parent":0,"menu_order":0,"comment_status":"closed","ping_status":"closed","template":"","meta":{"footnotes":""},"class_list":["post-1757","page","type-page","status-publish"],"yoast_head":"<!-- This site is optimized with the Yoast SEO plugin v25.2 - https:\/\/yoast.com\/wordpress\/plugins\/seo\/ -->\n<title>El aprendizaje gremial de oficios: obradores y sagas de Santiago de Compostela - Ourives de Compostela<\/title>\n<meta name=\"robots\" content=\"index, follow, max-snippet:-1, max-image-preview:large, max-video-preview:-1\" \/>\n<link rel=\"canonical\" href=\"https:\/\/ourivesdecompostela.gal\/es\/el-aprendizaje-gremial-de-oficios-obradores-y-sagas-de-santiago-de-compostela\/\" \/>\n<meta property=\"og:locale\" content=\"es_ES\" \/>\n<meta property=\"og:type\" content=\"article\" \/>\n<meta property=\"og:title\" content=\"El aprendizaje gremial de oficios: obradores y sagas de Santiago de Compostela - Ourives de Compostela\" \/>\n<meta property=\"og:description\" content=\"[vc_row type=\u00bbfull_width_background\u00bb full_screen_row_position=\u00bbmiddle\u00bb column_margin=\u00bbdefault\u00bb column_direction=\u00bbdefault\u00bb column_direction_tablet=\u00bbdefault\u00bb column_direction_phone=\u00bbdefault\u00bb bg_image=\u00bb1134&#8243; bg_position=\u00bbcenter center\u00bb background_image_loading=\u00bbdefault\u00bb bg_repeat=\u00bbno-repeat\u00bb scene_position=\u00bbcenter\u00bb top_padding=\u00bb15%\u00bb bottom_padding=\u00bb15%\u00bb text_color=\u00bblight\u00bb text_align=\u00bbleft\u00bb row_border_radius=\u00bbnone\u00bb row_border_radius_applies=\u00bbbg\u00bb overflow=\u00bbvisible\u00bb color_overlay=\u00bb#000000&#8243; overlay_strength=\u00bb0.5&#8243; gradient_direction=\u00bbleft_to_right\u00bb shape_divider_position=\u00bbbottom\u00bb bg_image_animation=\u00bbnone\u00bb parallax_bg=\u00bbtrue\u00bb parallax_bg_speed=\u00bbfast\u00bb gradient_type=\u00bbdefault\u00bb shape_type=\u00bb\u00bb][vc_column column_padding=\u00bbno-extra-padding\u00bb...\" \/>\n<meta property=\"og:url\" content=\"https:\/\/ourivesdecompostela.gal\/es\/el-aprendizaje-gremial-de-oficios-obradores-y-sagas-de-santiago-de-compostela\/\" \/>\n<meta property=\"og:site_name\" content=\"Ourives de Compostela\" \/>\n<meta property=\"article:modified_time\" content=\"2023-11-15T09:48:32+00:00\" \/>\n<meta name=\"twitter:card\" content=\"summary_large_image\" \/>\n<meta name=\"twitter:label1\" content=\"Tiempo de lectura\" \/>\n\t<meta name=\"twitter:data1\" content=\"5 minutos\" \/>\n<script type=\"application\/ld+json\" class=\"yoast-schema-graph\">{\"@context\":\"https:\/\/schema.org\",\"@graph\":[{\"@type\":\"WebPage\",\"@id\":\"https:\/\/ourivesdecompostela.gal\/es\/el-aprendizaje-gremial-de-oficios-obradores-y-sagas-de-santiago-de-compostela\/\",\"url\":\"https:\/\/ourivesdecompostela.gal\/es\/el-aprendizaje-gremial-de-oficios-obradores-y-sagas-de-santiago-de-compostela\/\",\"name\":\"El aprendizaje gremial de oficios: obradores y sagas de Santiago de Compostela - Ourives de Compostela\",\"isPartOf\":{\"@id\":\"https:\/\/ourivesdecompostela.gal\/es\/#website\"},\"datePublished\":\"2023-10-31T11:27:53+00:00\",\"dateModified\":\"2023-11-15T09:48:32+00:00\",\"breadcrumb\":{\"@id\":\"https:\/\/ourivesdecompostela.gal\/es\/el-aprendizaje-gremial-de-oficios-obradores-y-sagas-de-santiago-de-compostela\/#breadcrumb\"},\"inLanguage\":\"es\",\"potentialAction\":[{\"@type\":\"ReadAction\",\"target\":[\"https:\/\/ourivesdecompostela.gal\/es\/el-aprendizaje-gremial-de-oficios-obradores-y-sagas-de-santiago-de-compostela\/\"]}]},{\"@type\":\"BreadcrumbList\",\"@id\":\"https:\/\/ourivesdecompostela.gal\/es\/el-aprendizaje-gremial-de-oficios-obradores-y-sagas-de-santiago-de-compostela\/#breadcrumb\",\"itemListElement\":[{\"@type\":\"ListItem\",\"position\":1,\"name\":\"Portada\",\"item\":\"https:\/\/ourivesdecompostela.gal\/es\/\"},{\"@type\":\"ListItem\",\"position\":2,\"name\":\"El aprendizaje gremial de oficios: obradores y sagas de Santiago de Compostela\"}]},{\"@type\":\"WebSite\",\"@id\":\"https:\/\/ourivesdecompostela.gal\/es\/#website\",\"url\":\"https:\/\/ourivesdecompostela.gal\/es\/\",\"name\":\"Ourives de Compostela\",\"description\":\"Aut\u00e9ntica Ouriver\u00eda Ancestral de Santiago\",\"potentialAction\":[{\"@type\":\"SearchAction\",\"target\":{\"@type\":\"EntryPoint\",\"urlTemplate\":\"https:\/\/ourivesdecompostela.gal\/es\/?s={search_term_string}\"},\"query-input\":{\"@type\":\"PropertyValueSpecification\",\"valueRequired\":true,\"valueName\":\"search_term_string\"}}],\"inLanguage\":\"es\"}]}<\/script>\n<!-- \/ Yoast SEO plugin. -->","yoast_head_json":{"title":"El aprendizaje gremial de oficios: obradores y sagas de Santiago de Compostela - Ourives de Compostela","robots":{"index":"index","follow":"follow","max-snippet":"max-snippet:-1","max-image-preview":"max-image-preview:large","max-video-preview":"max-video-preview:-1"},"canonical":"https:\/\/ourivesdecompostela.gal\/es\/el-aprendizaje-gremial-de-oficios-obradores-y-sagas-de-santiago-de-compostela\/","og_locale":"es_ES","og_type":"article","og_title":"El aprendizaje gremial de oficios: obradores y sagas de Santiago de Compostela - Ourives de Compostela","og_description":"[vc_row type=\u00bbfull_width_background\u00bb full_screen_row_position=\u00bbmiddle\u00bb column_margin=\u00bbdefault\u00bb column_direction=\u00bbdefault\u00bb column_direction_tablet=\u00bbdefault\u00bb column_direction_phone=\u00bbdefault\u00bb bg_image=\u00bb1134&#8243; bg_position=\u00bbcenter center\u00bb background_image_loading=\u00bbdefault\u00bb bg_repeat=\u00bbno-repeat\u00bb scene_position=\u00bbcenter\u00bb top_padding=\u00bb15%\u00bb bottom_padding=\u00bb15%\u00bb text_color=\u00bblight\u00bb text_align=\u00bbleft\u00bb row_border_radius=\u00bbnone\u00bb row_border_radius_applies=\u00bbbg\u00bb overflow=\u00bbvisible\u00bb color_overlay=\u00bb#000000&#8243; overlay_strength=\u00bb0.5&#8243; gradient_direction=\u00bbleft_to_right\u00bb shape_divider_position=\u00bbbottom\u00bb bg_image_animation=\u00bbnone\u00bb parallax_bg=\u00bbtrue\u00bb parallax_bg_speed=\u00bbfast\u00bb gradient_type=\u00bbdefault\u00bb shape_type=\u00bb\u00bb][vc_column column_padding=\u00bbno-extra-padding\u00bb...","og_url":"https:\/\/ourivesdecompostela.gal\/es\/el-aprendizaje-gremial-de-oficios-obradores-y-sagas-de-santiago-de-compostela\/","og_site_name":"Ourives de Compostela","article_modified_time":"2023-11-15T09:48:32+00:00","twitter_card":"summary_large_image","twitter_misc":{"Tiempo de lectura":"5 minutos"},"schema":{"@context":"https:\/\/schema.org","@graph":[{"@type":"WebPage","@id":"https:\/\/ourivesdecompostela.gal\/es\/el-aprendizaje-gremial-de-oficios-obradores-y-sagas-de-santiago-de-compostela\/","url":"https:\/\/ourivesdecompostela.gal\/es\/el-aprendizaje-gremial-de-oficios-obradores-y-sagas-de-santiago-de-compostela\/","name":"El aprendizaje gremial de oficios: obradores y sagas de Santiago de Compostela - Ourives de Compostela","isPartOf":{"@id":"https:\/\/ourivesdecompostela.gal\/es\/#website"},"datePublished":"2023-10-31T11:27:53+00:00","dateModified":"2023-11-15T09:48:32+00:00","breadcrumb":{"@id":"https:\/\/ourivesdecompostela.gal\/es\/el-aprendizaje-gremial-de-oficios-obradores-y-sagas-de-santiago-de-compostela\/#breadcrumb"},"inLanguage":"es","potentialAction":[{"@type":"ReadAction","target":["https:\/\/ourivesdecompostela.gal\/es\/el-aprendizaje-gremial-de-oficios-obradores-y-sagas-de-santiago-de-compostela\/"]}]},{"@type":"BreadcrumbList","@id":"https:\/\/ourivesdecompostela.gal\/es\/el-aprendizaje-gremial-de-oficios-obradores-y-sagas-de-santiago-de-compostela\/#breadcrumb","itemListElement":[{"@type":"ListItem","position":1,"name":"Portada","item":"https:\/\/ourivesdecompostela.gal\/es\/"},{"@type":"ListItem","position":2,"name":"El aprendizaje gremial de oficios: obradores y sagas de Santiago de Compostela"}]},{"@type":"WebSite","@id":"https:\/\/ourivesdecompostela.gal\/es\/#website","url":"https:\/\/ourivesdecompostela.gal\/es\/","name":"Ourives de Compostela","description":"Aut\u00e9ntica Ouriver\u00eda Ancestral de Santiago","potentialAction":[{"@type":"SearchAction","target":{"@type":"EntryPoint","urlTemplate":"https:\/\/ourivesdecompostela.gal\/es\/?s={search_term_string}"},"query-input":{"@type":"PropertyValueSpecification","valueRequired":true,"valueName":"search_term_string"}}],"inLanguage":"es"}]}},"_links":{"self":[{"href":"https:\/\/ourivesdecompostela.gal\/es\/wp-json\/wp\/v2\/pages\/1757","targetHints":{"allow":["GET"]}}],"collection":[{"href":"https:\/\/ourivesdecompostela.gal\/es\/wp-json\/wp\/v2\/pages"}],"about":[{"href":"https:\/\/ourivesdecompostela.gal\/es\/wp-json\/wp\/v2\/types\/page"}],"author":[{"embeddable":true,"href":"https:\/\/ourivesdecompostela.gal\/es\/wp-json\/wp\/v2\/users\/2"}],"replies":[{"embeddable":true,"href":"https:\/\/ourivesdecompostela.gal\/es\/wp-json\/wp\/v2\/comments?post=1757"}],"version-history":[{"count":3,"href":"https:\/\/ourivesdecompostela.gal\/es\/wp-json\/wp\/v2\/pages\/1757\/revisions"}],"predecessor-version":[{"id":1777,"href":"https:\/\/ourivesdecompostela.gal\/es\/wp-json\/wp\/v2\/pages\/1757\/revisions\/1777"}],"wp:attachment":[{"href":"https:\/\/ourivesdecompostela.gal\/es\/wp-json\/wp\/v2\/media?parent=1757"}],"curies":[{"name":"wp","href":"https:\/\/api.w.org\/{rel}","templated":true}]}}