{"id":1764,"date":"2023-10-31T12:42:44","date_gmt":"2023-10-31T11:42:44","guid":{"rendered":"https:\/\/ourivesdecompostela.gal\/?page_id=1764"},"modified":"2023-11-15T10:52:04","modified_gmt":"2023-11-15T09:52:04","slug":"plata-y-azabache-como-recuerdo-de-la-peregrinacion-a-santiago-los-primeros-souvenirs-de-la-historia","status":"publish","type":"page","link":"https:\/\/ourivesdecompostela.gal\/es\/plata-y-azabache-como-recuerdo-de-la-peregrinacion-a-santiago-los-primeros-souvenirs-de-la-historia\/","title":{"rendered":"Plata y azabache como recuerdo de la peregrinaci\u00f3n a Santiago: los primeros souvenirs de la historia"},"content":{"rendered":"[vc_row type=\u00bbfull_width_background\u00bb full_screen_row_position=\u00bbmiddle\u00bb column_margin=\u00bbdefault\u00bb column_direction=\u00bbdefault\u00bb column_direction_tablet=\u00bbdefault\u00bb column_direction_phone=\u00bbdefault\u00bb bg_image=\u00bb737&#8243; bg_position=\u00bbcenter center\u00bb background_image_loading=\u00bbdefault\u00bb bg_repeat=\u00bbno-repeat\u00bb scene_position=\u00bbcenter\u00bb top_padding=\u00bb15%\u00bb bottom_padding=\u00bb15%\u00bb text_color=\u00bblight\u00bb text_align=\u00bbleft\u00bb row_border_radius=\u00bbnone\u00bb row_border_radius_applies=\u00bbbg\u00bb overflow=\u00bbvisible\u00bb color_overlay=\u00bb#000000&#8243; overlay_strength=\u00bb0.5&#8243; gradient_direction=\u00bbleft_to_right\u00bb shape_divider_position=\u00bbbottom\u00bb bg_image_animation=\u00bbnone\u00bb parallax_bg=\u00bbtrue\u00bb parallax_bg_speed=\u00bbfast\u00bb gradient_type=\u00bbdefault\u00bb shape_type=\u00bb\u00bb][vc_column column_padding=\u00bbno-extra-padding\u00bb column_padding_tablet=\u00bbinherit\u00bb column_padding_phone=\u00bbinherit\u00bb column_padding_position=\u00bball\u00bb column_element_direction_desktop=\u00bbdefault\u00bb column_element_spacing=\u00bbdefault\u00bb centered_text=\u00bbtrue\u00bb desktop_text_alignment=\u00bbdefault\u00bb tablet_text_alignment=\u00bbdefault\u00bb phone_text_alignment=\u00bbdefault\u00bb background_color_opacity=\u00bb1&#8243; background_hover_color_opacity=\u00bb1&#8243; column_backdrop_filter=\u00bbnone\u00bb column_shadow=\u00bbnone\u00bb column_border_radius=\u00bbnone\u00bb column_link_target=\u00bb_self\u00bb column_position=\u00bbdefault\u00bb gradient_direction=\u00bbleft_to_right\u00bb overlay_strength=\u00bb0.3&#8243; width=\u00bb1\/1&#8243; tablet_width_inherit=\u00bbdefault\u00bb animation_type=\u00bbdefault\u00bb bg_image_animation=\u00bbnone\u00bb border_type=\u00bbsimple\u00bb column_border_width=\u00bbnone\u00bb column_border_style=\u00bbsolid\u00bb][vc_row_inner column_margin=\u00bbdefault\u00bb column_direction=\u00bbdefault\u00bb column_direction_tablet=\u00bbdefault\u00bb column_direction_phone=\u00bbdefault\u00bb text_align=\u00bbleft\u00bb row_position=\u00bbdefault\u00bb row_position_tablet=\u00bbinherit\u00bb row_position_phone=\u00bbinherit\u00bb overflow=\u00bbvisible\u00bb pointer_events=\u00bball\u00bb][vc_column_inner column_padding=\u00bbno-extra-padding\u00bb column_padding_tablet=\u00bbinherit\u00bb column_padding_phone=\u00bbinherit\u00bb column_padding_position=\u00bball\u00bb column_element_direction_desktop=\u00bbdefault\u00bb column_element_spacing=\u00bbdefault\u00bb desktop_text_alignment=\u00bbdefault\u00bb tablet_text_alignment=\u00bbdefault\u00bb phone_text_alignment=\u00bbdefault\u00bb background_color_opacity=\u00bb1&#8243; background_hover_color_opacity=\u00bb1&#8243; column_backdrop_filter=\u00bbnone\u00bb column_shadow=\u00bbnone\u00bb column_border_radius=\u00bbnone\u00bb column_link_target=\u00bb_self\u00bb overflow=\u00bbvisible\u00bb gradient_direction=\u00bbleft_to_right\u00bb overlay_strength=\u00bb0.3&#8243; width=\u00bb1\/1&#8243; tablet_width_inherit=\u00bbdefault\u00bb animation_type=\u00bbdefault\u00bb enable_animation=\u00bbtrue\u00bb animation=\u00bbfade-in-from-bottom\u00bb animation_easing=\u00bbdefault\u00bb bg_image_animation=\u00bbnone\u00bb border_type=\u00bbsimple\u00bb column_border_width=\u00bbnone\u00bb column_border_style=\u00bbsolid\u00bb][split_line_heading animation_type=\u00bbline-reveal-by-space\u00bb font_style=\u00bbh1&#8243; line_reveal_by_space_text_effect=\u00bbdefault\u00bb content_alignment=\u00bbdefault\u00bb mobile_content_alignment=\u00bbinherit\u00bb link_target=\u00bb_self\u00bb text_content=\u00bbPlata y azabache como recuerdo de la peregrinaci\u00f3n a Santiago: los primeros \u00absouvenirs\u00ab de la historia\u00bb font_size=\u00bb3vw\u00bb][\/split_line_heading][\/vc_column_inner][\/vc_row_inner][\/vc_column][\/vc_row][vc_row type=\u00bbin_container\u00bb full_screen_row_position=\u00bbmiddle\u00bb column_margin=\u00bbdefault\u00bb column_direction=\u00bbdefault\u00bb column_direction_tablet=\u00bbdefault\u00bb column_direction_phone=\u00bbdefault\u00bb scene_position=\u00bbcenter\u00bb top_padding=\u00bb5%\u00bb bottom_padding=\u00bb5%\u00bb text_color=\u00bbdark\u00bb text_align=\u00bbleft\u00bb row_border_radius=\u00bbnone\u00bb row_border_radius_applies=\u00bbbg\u00bb overflow=\u00bbvisible\u00bb overlay_strength=\u00bb0.3&#8243; gradient_direction=\u00bbleft_to_right\u00bb shape_divider_position=\u00bbbottom\u00bb bg_image_animation=\u00bbnone\u00bb gradient_type=\u00bbdefault\u00bb shape_type=\u00bb\u00bb][vc_column column_padding=\u00bbno-extra-padding\u00bb column_padding_tablet=\u00bbinherit\u00bb column_padding_phone=\u00bbinherit\u00bb column_padding_position=\u00bball\u00bb column_element_direction_desktop=\u00bbdefault\u00bb column_element_spacing=\u00bbdefault\u00bb desktop_text_alignment=\u00bbdefault\u00bb tablet_text_alignment=\u00bbdefault\u00bb phone_text_alignment=\u00bbdefault\u00bb background_color_opacity=\u00bb1&#8243; background_hover_color_opacity=\u00bb1&#8243; column_backdrop_filter=\u00bbnone\u00bb column_shadow=\u00bbnone\u00bb column_border_radius=\u00bbnone\u00bb column_link_target=\u00bb_self\u00bb column_position=\u00bbdefault\u00bb gradient_direction=\u00bbleft_to_right\u00bb overlay_strength=\u00bb0.3&#8243; width=\u00bb1\/1&#8243; tablet_width_inherit=\u00bbdefault\u00bb animation_type=\u00bbdefault\u00bb bg_image_animation=\u00bbnone\u00bb border_type=\u00bbsimple\u00bb column_border_width=\u00bbnone\u00bb column_border_style=\u00bbsolid\u00bb][vc_column_text]\n<h3>La concha<\/h3>\n<p>Hoy en d\u00eda la plater\u00eda y el azabache son uno de los souvenirs m\u00e1s escogidos por los peregrinos por su car\u00e1cter de artesan\u00eda tradicional e identitaria de la ciudad compostelana. Lo que muchos turistas ignoran es que est\u00e1n siguiendo los pasos de los <strong>peregrinos primitivos<\/strong> que, en la Edad Media, se llevaban un recuerdo de su viaje espiritual, habitualmente una concha que, si bien comenz\u00f3 siendo una vieira aut\u00e9ntica, pronto pas\u00f3 a labrarse en plata y azabache y a especializarse como producto artesanal. La concha se erigi\u00f3 como <strong>elemento distintivo de la peregrinaci\u00f3n<\/strong> a Santiago, as\u00ed como el hom\u00f3logo en Jerusal\u00e9n era a palma, que los \u2014por eso llamados\u2014 palmeros arrancaban de los jardines hierosolimitanos. Al igual que la palma, la concha era un elemento abundante y barato. Como se\u00f1al\u00f3 en su momento Manuel Rabanal, en nuestro idioma gallego se ha dado la po\u00e9tica coincidencia de que, seg\u00fan la evoluci\u00f3n ling\u00fc\u00edstica, dos t\u00e9rminos sem\u00e1nticos alejados hayan coincidido en forma, como son <em>vieira<\/em>: concha, y <em>vieiro<\/em>: camino.<\/p>\n<p>La asociaci\u00f3n de la concha con el Camino de Santiago se estima entre el 1099 y el 1106, ya que contamos con una leyenda datada en ese \u00faltimo a\u00f1o donde ya se denota tal costumbre. Las primeras noticias documentadas las encontramos en el propio <em>C\u00f3dice Calixtino<\/em> (ca. 1160). En el Libro 1, correspondiente a la liturgia, se alude a la concha como<strong> recuerdo que los peregrinos se llevan de Compostela<\/strong>. En el libro 2, referente a los milagros de Santiago, se cita una leyenda sobre un caballero en Apulia que fue curado de una grave dolencia gracias al poder taumat\u00fargico de una concha tra\u00edda de Compostela por un vecino como recuerdo de la peregrinaci\u00f3n \u2014tenemos, de nuevo, la idea de <em>souvenir<\/em> del Camino\u2014. Adem\u00e1s, existe un segundo milagro asociado al Ap\u00f3stol y la vieira, recogida en fuentes como Sagrario de Molina (1550) o Castell\u00e1 Ferrer (1610), que se refiere a un caballero salvado del ahogamiento en la villa de Bouzas, en el oc\u00e9ano Atl\u00e1ntico, emergiendo cubierto de conchas al paso de la embarcaci\u00f3n que transportaba el cuerpo de Santiago a Galicia. En el Libro 3 del <em>Calixtino<\/em> se nombran las caracolas, otro tipo de concha, como protectoras de los marineros por intercesi\u00f3n del Ap\u00f3stol.<\/p>\n<h3>Los concheiros<\/h3>\n<p>La necesidad de proveer de estas conchas a los peregrinos se materializ\u00f3 en un gremio propio en Compostela, el de los <em><strong>concheiros<\/strong><\/em>. Volviendo al <em>Calixtino<\/em>, en el libro 5, al describir la ciudad de Santiago, se habla del comercio de este tipo de recuerdos en la actual praza da Inmaculada \u2014r\u00faa da Acibecher\u00eda\u2014, que por lo tanto sabemos, existi\u00f3 desde el principio del propio Camino. Paulatinamente las conchas empezaron a tallarse en azabache, y las m\u00e1s exquisitas en plata. Plateros y azabacheros asimilaron al legendario gremio de <em>concheiros<\/em> e inmortalizaron las conchas de vieira en materiales suntuarios.<\/p>\n<h3>Souvenirs con significaci\u00f3n especial<\/h3>\n<p>Los <em>souvenirs<\/em> son importantes para el visitante porque congelan en el tiempo una experiencia intangible y la traen de vuelta al presente. En Santiago, como meta del Camino, tenemos adem\u00e1s una significaci\u00f3n especial o confluencia metaf\u00f3rica, porque el origen del recuerdo est\u00e1 ligado al propio concepto de peregrinaci\u00f3n medieval, como material testimonial de un lugar sagrado, y como recuerdo del esfuerzo del peregrino. Es por ello por lo que la plater\u00eda y el azabache han jugado un papel fundamental en la historia del Camino, y lo contin\u00faan haciendo para aquellos peregrinos y visitantes que apuestan por la autenticidad de la <strong>artesan\u00eda<\/strong> forjada al calor de una t<strong>radici\u00f3n compostelana milenaria.<\/strong>[\/vc_column_text][\/vc_column][\/vc_row]\n","protected":false},"excerpt":{"rendered":"<p>[vc_row type=\u00bbfull_width_background\u00bb full_screen_row_position=\u00bbmiddle\u00bb column_margin=\u00bbdefault\u00bb column_direction=\u00bbdefault\u00bb column_direction_tablet=\u00bbdefault\u00bb column_direction_phone=\u00bbdefault\u00bb bg_image=\u00bb737&#8243; bg_position=\u00bbcenter center\u00bb background_image_loading=\u00bbdefault\u00bb bg_repeat=\u00bbno-repeat\u00bb scene_position=\u00bbcenter\u00bb top_padding=\u00bb15%\u00bb bottom_padding=\u00bb15%\u00bb text_color=\u00bblight\u00bb text_align=\u00bbleft\u00bb row_border_radius=\u00bbnone\u00bb row_border_radius_applies=\u00bbbg\u00bb overflow=\u00bbvisible\u00bb color_overlay=\u00bb#000000&#8243; overlay_strength=\u00bb0.5&#8243; gradient_direction=\u00bbleft_to_right\u00bb shape_divider_position=\u00bbbottom\u00bb bg_image_animation=\u00bbnone\u00bb parallax_bg=\u00bbtrue\u00bb parallax_bg_speed=\u00bbfast\u00bb gradient_type=\u00bbdefault\u00bb shape_type=\u00bb\u00bb][vc_column column_padding=\u00bbno-extra-padding\u00bb&#8230;<\/p>\n","protected":false},"author":2,"featured_media":0,"parent":0,"menu_order":0,"comment_status":"closed","ping_status":"closed","template":"","meta":{"footnotes":""},"class_list":["post-1764","page","type-page","status-publish"],"yoast_head":"<!-- This site is optimized with the Yoast SEO plugin v25.2 - https:\/\/yoast.com\/wordpress\/plugins\/seo\/ -->\n<title>Plata y azabache como recuerdo de la peregrinaci\u00f3n a Santiago: los primeros souvenirs de la historia - Ourives de Compostela<\/title>\n<meta name=\"robots\" content=\"index, follow, max-snippet:-1, max-image-preview:large, max-video-preview:-1\" \/>\n<link rel=\"canonical\" href=\"https:\/\/ourivesdecompostela.gal\/es\/plata-y-azabache-como-recuerdo-de-la-peregrinacion-a-santiago-los-primeros-souvenirs-de-la-historia\/\" \/>\n<meta property=\"og:locale\" content=\"es_ES\" \/>\n<meta property=\"og:type\" content=\"article\" \/>\n<meta property=\"og:title\" content=\"Plata y azabache como recuerdo de la peregrinaci\u00f3n a Santiago: los primeros souvenirs de la historia - Ourives de Compostela\" \/>\n<meta property=\"og:description\" content=\"[vc_row type=\u00bbfull_width_background\u00bb full_screen_row_position=\u00bbmiddle\u00bb column_margin=\u00bbdefault\u00bb column_direction=\u00bbdefault\u00bb column_direction_tablet=\u00bbdefault\u00bb column_direction_phone=\u00bbdefault\u00bb bg_image=\u00bb737&#8243; bg_position=\u00bbcenter center\u00bb background_image_loading=\u00bbdefault\u00bb bg_repeat=\u00bbno-repeat\u00bb scene_position=\u00bbcenter\u00bb top_padding=\u00bb15%\u00bb bottom_padding=\u00bb15%\u00bb text_color=\u00bblight\u00bb text_align=\u00bbleft\u00bb row_border_radius=\u00bbnone\u00bb row_border_radius_applies=\u00bbbg\u00bb overflow=\u00bbvisible\u00bb color_overlay=\u00bb#000000&#8243; overlay_strength=\u00bb0.5&#8243; gradient_direction=\u00bbleft_to_right\u00bb shape_divider_position=\u00bbbottom\u00bb bg_image_animation=\u00bbnone\u00bb parallax_bg=\u00bbtrue\u00bb parallax_bg_speed=\u00bbfast\u00bb gradient_type=\u00bbdefault\u00bb shape_type=\u00bb\u00bb][vc_column column_padding=\u00bbno-extra-padding\u00bb...\" \/>\n<meta property=\"og:url\" content=\"https:\/\/ourivesdecompostela.gal\/es\/plata-y-azabache-como-recuerdo-de-la-peregrinacion-a-santiago-los-primeros-souvenirs-de-la-historia\/\" \/>\n<meta property=\"og:site_name\" content=\"Ourives de Compostela\" \/>\n<meta property=\"article:modified_time\" content=\"2023-11-15T09:52:04+00:00\" \/>\n<meta name=\"twitter:card\" content=\"summary_large_image\" \/>\n<meta name=\"twitter:label1\" content=\"Tiempo de lectura\" \/>\n\t<meta name=\"twitter:data1\" content=\"5 minutos\" \/>\n<script type=\"application\/ld+json\" class=\"yoast-schema-graph\">{\"@context\":\"https:\/\/schema.org\",\"@graph\":[{\"@type\":\"WebPage\",\"@id\":\"https:\/\/ourivesdecompostela.gal\/es\/plata-y-azabache-como-recuerdo-de-la-peregrinacion-a-santiago-los-primeros-souvenirs-de-la-historia\/\",\"url\":\"https:\/\/ourivesdecompostela.gal\/es\/plata-y-azabache-como-recuerdo-de-la-peregrinacion-a-santiago-los-primeros-souvenirs-de-la-historia\/\",\"name\":\"Plata y azabache como recuerdo de la peregrinaci\u00f3n a Santiago: los primeros souvenirs de la historia - Ourives de Compostela\",\"isPartOf\":{\"@id\":\"https:\/\/ourivesdecompostela.gal\/es\/#website\"},\"datePublished\":\"2023-10-31T11:42:44+00:00\",\"dateModified\":\"2023-11-15T09:52:04+00:00\",\"breadcrumb\":{\"@id\":\"https:\/\/ourivesdecompostela.gal\/es\/plata-y-azabache-como-recuerdo-de-la-peregrinacion-a-santiago-los-primeros-souvenirs-de-la-historia\/#breadcrumb\"},\"inLanguage\":\"es\",\"potentialAction\":[{\"@type\":\"ReadAction\",\"target\":[\"https:\/\/ourivesdecompostela.gal\/es\/plata-y-azabache-como-recuerdo-de-la-peregrinacion-a-santiago-los-primeros-souvenirs-de-la-historia\/\"]}]},{\"@type\":\"BreadcrumbList\",\"@id\":\"https:\/\/ourivesdecompostela.gal\/es\/plata-y-azabache-como-recuerdo-de-la-peregrinacion-a-santiago-los-primeros-souvenirs-de-la-historia\/#breadcrumb\",\"itemListElement\":[{\"@type\":\"ListItem\",\"position\":1,\"name\":\"Portada\",\"item\":\"https:\/\/ourivesdecompostela.gal\/es\/\"},{\"@type\":\"ListItem\",\"position\":2,\"name\":\"Plata y azabache como recuerdo de la peregrinaci\u00f3n a Santiago: los primeros souvenirs de la historia\"}]},{\"@type\":\"WebSite\",\"@id\":\"https:\/\/ourivesdecompostela.gal\/es\/#website\",\"url\":\"https:\/\/ourivesdecompostela.gal\/es\/\",\"name\":\"Ourives de Compostela\",\"description\":\"Aut\u00e9ntica Ouriver\u00eda Ancestral de Santiago\",\"potentialAction\":[{\"@type\":\"SearchAction\",\"target\":{\"@type\":\"EntryPoint\",\"urlTemplate\":\"https:\/\/ourivesdecompostela.gal\/es\/?s={search_term_string}\"},\"query-input\":{\"@type\":\"PropertyValueSpecification\",\"valueRequired\":true,\"valueName\":\"search_term_string\"}}],\"inLanguage\":\"es\"}]}<\/script>\n<!-- \/ Yoast SEO plugin. -->","yoast_head_json":{"title":"Plata y azabache como recuerdo de la peregrinaci\u00f3n a Santiago: los primeros souvenirs de la historia - Ourives de Compostela","robots":{"index":"index","follow":"follow","max-snippet":"max-snippet:-1","max-image-preview":"max-image-preview:large","max-video-preview":"max-video-preview:-1"},"canonical":"https:\/\/ourivesdecompostela.gal\/es\/plata-y-azabache-como-recuerdo-de-la-peregrinacion-a-santiago-los-primeros-souvenirs-de-la-historia\/","og_locale":"es_ES","og_type":"article","og_title":"Plata y azabache como recuerdo de la peregrinaci\u00f3n a Santiago: los primeros souvenirs de la historia - Ourives de Compostela","og_description":"[vc_row type=\u00bbfull_width_background\u00bb full_screen_row_position=\u00bbmiddle\u00bb column_margin=\u00bbdefault\u00bb column_direction=\u00bbdefault\u00bb column_direction_tablet=\u00bbdefault\u00bb column_direction_phone=\u00bbdefault\u00bb bg_image=\u00bb737&#8243; bg_position=\u00bbcenter center\u00bb background_image_loading=\u00bbdefault\u00bb bg_repeat=\u00bbno-repeat\u00bb scene_position=\u00bbcenter\u00bb top_padding=\u00bb15%\u00bb bottom_padding=\u00bb15%\u00bb text_color=\u00bblight\u00bb text_align=\u00bbleft\u00bb row_border_radius=\u00bbnone\u00bb row_border_radius_applies=\u00bbbg\u00bb overflow=\u00bbvisible\u00bb color_overlay=\u00bb#000000&#8243; overlay_strength=\u00bb0.5&#8243; gradient_direction=\u00bbleft_to_right\u00bb shape_divider_position=\u00bbbottom\u00bb bg_image_animation=\u00bbnone\u00bb parallax_bg=\u00bbtrue\u00bb parallax_bg_speed=\u00bbfast\u00bb gradient_type=\u00bbdefault\u00bb shape_type=\u00bb\u00bb][vc_column column_padding=\u00bbno-extra-padding\u00bb...","og_url":"https:\/\/ourivesdecompostela.gal\/es\/plata-y-azabache-como-recuerdo-de-la-peregrinacion-a-santiago-los-primeros-souvenirs-de-la-historia\/","og_site_name":"Ourives de Compostela","article_modified_time":"2023-11-15T09:52:04+00:00","twitter_card":"summary_large_image","twitter_misc":{"Tiempo de lectura":"5 minutos"},"schema":{"@context":"https:\/\/schema.org","@graph":[{"@type":"WebPage","@id":"https:\/\/ourivesdecompostela.gal\/es\/plata-y-azabache-como-recuerdo-de-la-peregrinacion-a-santiago-los-primeros-souvenirs-de-la-historia\/","url":"https:\/\/ourivesdecompostela.gal\/es\/plata-y-azabache-como-recuerdo-de-la-peregrinacion-a-santiago-los-primeros-souvenirs-de-la-historia\/","name":"Plata y azabache como recuerdo de la peregrinaci\u00f3n a Santiago: los primeros souvenirs de la historia - Ourives de Compostela","isPartOf":{"@id":"https:\/\/ourivesdecompostela.gal\/es\/#website"},"datePublished":"2023-10-31T11:42:44+00:00","dateModified":"2023-11-15T09:52:04+00:00","breadcrumb":{"@id":"https:\/\/ourivesdecompostela.gal\/es\/plata-y-azabache-como-recuerdo-de-la-peregrinacion-a-santiago-los-primeros-souvenirs-de-la-historia\/#breadcrumb"},"inLanguage":"es","potentialAction":[{"@type":"ReadAction","target":["https:\/\/ourivesdecompostela.gal\/es\/plata-y-azabache-como-recuerdo-de-la-peregrinacion-a-santiago-los-primeros-souvenirs-de-la-historia\/"]}]},{"@type":"BreadcrumbList","@id":"https:\/\/ourivesdecompostela.gal\/es\/plata-y-azabache-como-recuerdo-de-la-peregrinacion-a-santiago-los-primeros-souvenirs-de-la-historia\/#breadcrumb","itemListElement":[{"@type":"ListItem","position":1,"name":"Portada","item":"https:\/\/ourivesdecompostela.gal\/es\/"},{"@type":"ListItem","position":2,"name":"Plata y azabache como recuerdo de la peregrinaci\u00f3n a Santiago: los primeros souvenirs de la historia"}]},{"@type":"WebSite","@id":"https:\/\/ourivesdecompostela.gal\/es\/#website","url":"https:\/\/ourivesdecompostela.gal\/es\/","name":"Ourives de Compostela","description":"Aut\u00e9ntica Ouriver\u00eda Ancestral de Santiago","potentialAction":[{"@type":"SearchAction","target":{"@type":"EntryPoint","urlTemplate":"https:\/\/ourivesdecompostela.gal\/es\/?s={search_term_string}"},"query-input":{"@type":"PropertyValueSpecification","valueRequired":true,"valueName":"search_term_string"}}],"inLanguage":"es"}]}},"_links":{"self":[{"href":"https:\/\/ourivesdecompostela.gal\/es\/wp-json\/wp\/v2\/pages\/1764","targetHints":{"allow":["GET"]}}],"collection":[{"href":"https:\/\/ourivesdecompostela.gal\/es\/wp-json\/wp\/v2\/pages"}],"about":[{"href":"https:\/\/ourivesdecompostela.gal\/es\/wp-json\/wp\/v2\/types\/page"}],"author":[{"embeddable":true,"href":"https:\/\/ourivesdecompostela.gal\/es\/wp-json\/wp\/v2\/users\/2"}],"replies":[{"embeddable":true,"href":"https:\/\/ourivesdecompostela.gal\/es\/wp-json\/wp\/v2\/comments?post=1764"}],"version-history":[{"count":4,"href":"https:\/\/ourivesdecompostela.gal\/es\/wp-json\/wp\/v2\/pages\/1764\/revisions"}],"predecessor-version":[{"id":1768,"href":"https:\/\/ourivesdecompostela.gal\/es\/wp-json\/wp\/v2\/pages\/1764\/revisions\/1768"}],"wp:attachment":[{"href":"https:\/\/ourivesdecompostela.gal\/es\/wp-json\/wp\/v2\/media?parent=1764"}],"curies":[{"name":"wp","href":"https:\/\/api.w.org\/{rel}","templated":true}]}}